{"id":2185,"date":"2025-08-21T17:04:53","date_gmt":"2025-08-21T15:04:53","guid":{"rendered":"https:\/\/aicy.eu\/conferences\/"},"modified":"2026-03-03T23:10:08","modified_gmt":"2026-03-03T22:10:08","slug":"conferences","status":"publish","type":"page","link":"https:\/\/aicy.eu\/pt-pt\/conferences\/","title":{"rendered":"Confer\u00eancias"},"content":{"rendered":"<p>[et_pb_section fb_built=&#8221;1&#8243; _builder_version=&#8221;4.27.4&#8243; _module_preset=&#8221;default&#8221; global_colors_info=&#8221;{}&#8221;][et_pb_row _builder_version=&#8221;4.27.4&#8243; _module_preset=&#8221;default&#8221; global_colors_info=&#8221;{}&#8221;][et_pb_column type=&#8221;4_4&#8243; _builder_version=&#8221;4.27.4&#8243; _module_preset=&#8221;default&#8221; global_colors_info=&#8221;{}&#8221;][et_pb_text _builder_version=&#8221;4.27.4&#8243; _module_preset=&#8221;default&#8221; global_colors_info=&#8221;{}&#8221;]<\/p>\n<h1>Confer\u00eancias<\/h1>\n<p>[\/et_pb_text][\/et_pb_column][\/et_pb_row][et_pb_row _builder_version=&#8221;4.27.4&#8243; _module_preset=&#8221;default&#8221; custom_padding=&#8221;20px|20px|20px|20px|false|false&#8221; border_radii=&#8221;on|15px|15px|15px|15px&#8221; box_shadow_style=&#8221;preset1&#8243; global_colors_info=&#8221;{}&#8221;][et_pb_column type=&#8221;4_4&#8243; _builder_version=&#8221;4.27.4&#8243; _module_preset=&#8221;default&#8221; global_colors_info=&#8221;{}&#8221;][et_pb_heading title=&#8221;It\u00e1lia&#8221; _builder_version=&#8221;4.27.4&#8243; _module_preset=&#8221;default&#8221; title_level=&#8221;h2&#8243; global_colors_info=&#8221;{}&#8221;][\/et_pb_heading][et_pb_text _builder_version=&#8221;4.27.4&#8243; _module_preset=&#8221;default&#8221; global_colors_info=&#8221;{}&#8221;]A confer\u00eancia foi organizada pelo parceiro italiano Udanet. Realizou-se a 29 de maio de 2025 em Pescara Infobasic Srl e contou com a participa\u00e7\u00e3o de 25 pessoas para analisar e avaliar os resultados do projeto:<\/p>\n<p>[\/et_pb_text][et_pb_gallery gallery_ids=&#8221;1824,1859,1852,1845,1838,1831&#8243; posts_number=&#8221;6&#8243; show_title_and_caption=&#8221;off&#8221; show_pagination=&#8221;off&#8221; zoom_icon_color=&#8221;#FFFFFF&#8221; hover_overlay_color=&#8221;RGBA(255,255,255,0)&#8221; hover_icon=&#8221;&#xf00e;||fa||900&#8243; _builder_version=&#8221;4.27.4&#8243; _module_preset=&#8221;default&#8221; border_radii_image=&#8221;on|15px|15px|15px|15px&#8221; global_colors_info=&#8221;{}&#8221;][\/et_pb_gallery][\/et_pb_column][\/et_pb_row][et_pb_row _builder_version=&#8221;4.27.4&#8243; _module_preset=&#8221;default&#8221; custom_margin=&#8221;100px||||false|false&#8221; custom_padding=&#8221;20px|20px|20px|20px|false|false&#8221; border_radii=&#8221;on|15px|15px|15px|15px&#8221; box_shadow_style=&#8221;preset1&#8243; global_colors_info=&#8221;{}&#8221;][et_pb_column type=&#8221;4_4&#8243; _builder_version=&#8221;4.27.4&#8243; _module_preset=&#8221;default&#8221; global_colors_info=&#8221;{}&#8221;][et_pb_heading title=&#8221;Espanha&#8221; _builder_version=&#8221;4.27.4&#8243; _module_preset=&#8221;default&#8221; title_level=&#8221;h2&#8243; global_colors_info=&#8221;{}&#8221;][\/et_pb_heading][et_pb_text _builder_version=&#8221;4.27.4&#8243; _module_preset=&#8221;default&#8221; global_colors_info=&#8221;{}&#8221;]A confer\u00eancia foi organizada pelo parceiro espanhol Gestionet. Realizou-se a 9 de junho de 2025 em Beaz-Bilbao e contou com a participa\u00e7\u00e3o de 33 pessoas para analisar e avaliar os resultados do projeto:<\/p>\n<p>[\/et_pb_text][et_pb_gallery gallery_ids=&#8221;1866,1873,1880,1887,1894,1901&#8243; posts_number=&#8221;6&#8243; show_title_and_caption=&#8221;off&#8221; show_pagination=&#8221;off&#8221; zoom_icon_color=&#8221;#FFFFFF&#8221; hover_overlay_color=&#8221;RGBA(255,255,255,0)&#8221; hover_icon=&#8221;&#xf00e;||fa||900&#8243; _builder_version=&#8221;4.27.4&#8243; _module_preset=&#8221;default&#8221; border_radii_image=&#8221;on|15px|15px|15px|15px&#8221; global_colors_info=&#8221;{}&#8221;][\/et_pb_gallery][\/et_pb_column][\/et_pb_row][et_pb_row _builder_version=&#8221;4.27.4&#8243; _module_preset=&#8221;default&#8221; custom_margin=&#8221;100px||||false|false&#8221; custom_padding=&#8221;20px|20px|20px|20px|false|false&#8221; border_radii=&#8221;on|15px|15px|15px|15px&#8221; box_shadow_style=&#8221;preset1&#8243; global_colors_info=&#8221;{}&#8221;][et_pb_column type=&#8221;4_4&#8243; _builder_version=&#8221;4.27.4&#8243; _module_preset=&#8221;default&#8221; global_colors_info=&#8221;{}&#8221;][et_pb_heading title=&#8221;Pol\u00f3nia&#8221; _builder_version=&#8221;4.27.4&#8243; _module_preset=&#8221;default&#8221; title_level=&#8221;h2&#8243; global_colors_info=&#8221;{}&#8221;][\/et_pb_heading][et_pb_text _builder_version=&#8221;4.27.4&#8243; _module_preset=&#8221;default&#8221; global_colors_info=&#8221;{}&#8221;]A confer\u00eancia foi organizada pelo parceiro polaco PRZ. Realizou-se a 10 de junho de 2025 em Rzesz\u00f3w e contou com a participa\u00e7\u00e3o de 80 pessoas para analisar e avaliar os resultados do projeto:<\/p>\n<p>[\/et_pb_text][et_pb_gallery gallery_ids=&#8221;2002,2009,2016,2023,2030,2037,2044,2051&#8243; posts_number=&#8221;8&#8243; show_title_and_caption=&#8221;off&#8221; show_pagination=&#8221;off&#8221; zoom_icon_color=&#8221;#FFFFFF&#8221; hover_overlay_color=&#8221;RGBA(255,255,255,0)&#8221; hover_icon=&#8221;&#xf00e;||fa||900&#8243; _builder_version=&#8221;4.27.4&#8243; _module_preset=&#8221;default&#8221; border_radii_image=&#8221;on|15px|15px|15px|15px&#8221; global_colors_info=&#8221;{}&#8221;][\/et_pb_gallery][\/et_pb_column][\/et_pb_row][et_pb_row _builder_version=&#8221;4.27.4&#8243; _module_preset=&#8221;default&#8221; custom_margin=&#8221;100px||||false|false&#8221; custom_padding=&#8221;20px|20px|20px|20px|false|false&#8221; border_radii=&#8221;on|15px|15px|15px|15px&#8221; box_shadow_style=&#8221;preset1&#8243; global_colors_info=&#8221;{}&#8221;][et_pb_column type=&#8221;4_4&#8243; _builder_version=&#8221;4.27.4&#8243; _module_preset=&#8221;default&#8221; global_colors_info=&#8221;{}&#8221;][et_pb_heading title=&#8221;B\u00e9lgica&#8221; _builder_version=&#8221;4.27.4&#8243; _module_preset=&#8221;default&#8221; title_level=&#8221;h2&#8243; global_colors_info=&#8221;{}&#8221;][\/et_pb_heading][et_pb_text _builder_version=&#8221;4.27.4&#8243; _module_preset=&#8221;default&#8221; global_colors_info=&#8221;{}&#8221;]A confer\u00eancia foi organizada pelo parceiro belga UCLL. Realizou-se a 24 de junho de 2025 em Diepenbeek e contou com a participa\u00e7\u00e3o de 22 pessoas para analisar e avaliar os resultados do projeto:<\/p>\n<p>[\/et_pb_text][et_pb_gallery gallery_ids=&#8221;2059,2066,2073,2080,2087,2094&#8243; posts_number=&#8221;8&#8243; show_title_and_caption=&#8221;off&#8221; show_pagination=&#8221;off&#8221; zoom_icon_color=&#8221;#FFFFFF&#8221; hover_overlay_color=&#8221;RGBA(255,255,255,0)&#8221; hover_icon=&#8221;&#xf00e;||fa||900&#8243; _builder_version=&#8221;4.27.4&#8243; _module_preset=&#8221;default&#8221; border_radii_image=&#8221;on|15px|15px|15px|15px&#8221; global_colors_info=&#8221;{}&#8221;][\/et_pb_gallery][\/et_pb_column][\/et_pb_row][et_pb_row _builder_version=&#8221;4.27.4&#8243; _module_preset=&#8221;default&#8221; custom_margin=&#8221;100px||||false|false&#8221; custom_padding=&#8221;20px|20px|20px|20px|false|false&#8221; border_radii=&#8221;on|15px|15px|15px|15px&#8221; box_shadow_style=&#8221;preset1&#8243; global_colors_info=&#8221;{}&#8221;][et_pb_column type=&#8221;4_4&#8243; _builder_version=&#8221;4.27.4&#8243; _module_preset=&#8221;default&#8221; global_colors_info=&#8221;{}&#8221;][et_pb_heading title=&#8221;Portugal&#8221; _builder_version=&#8221;4.27.4&#8243; _module_preset=&#8221;default&#8221; title_level=&#8221;h2&#8243; global_colors_info=&#8221;{}&#8221;][\/et_pb_heading][et_pb_text _builder_version=&#8221;4.27.4&#8243; _module_preset=&#8221;default&#8221; global_colors_info=&#8221;{}&#8221;]A confer\u00eancia foi organizada pelo parceiro portugu\u00eas Epralima. Realizou-se no formato de dois workshops, durante o m\u00eas de julho (15 e 29), em Arcos de Valdevez, e contou com a participa\u00e7\u00e3o de 39 pessoas para analisar e avaliar os resultados do projeto:<\/p>\n<p>[\/et_pb_text][et_pb_gallery gallery_ids=&#8221;2101,2108,2115,2122,2129,2136&#8243; posts_number=&#8221;8&#8243; show_title_and_caption=&#8221;off&#8221; show_pagination=&#8221;off&#8221; zoom_icon_color=&#8221;#FFFFFF&#8221; hover_overlay_color=&#8221;RGBA(255,255,255,0)&#8221; hover_icon=&#8221;&#xf00e;||fa||900&#8243; _builder_version=&#8221;4.27.4&#8243; _module_preset=&#8221;default&#8221; border_radii_image=&#8221;on|15px|15px|15px|15px&#8221; global_colors_info=&#8221;{}&#8221;][\/et_pb_gallery][\/et_pb_column][\/et_pb_row][et_pb_row _builder_version=&#8221;4.27.4&#8243; _module_preset=&#8221;default&#8221; custom_margin=&#8221;100px||||false|false&#8221; custom_padding=&#8221;20px|20px|20px|20px|false|false&#8221; border_radii=&#8221;on|15px|15px|15px|15px&#8221; box_shadow_style=&#8221;preset1&#8243; global_colors_info=&#8221;{}&#8221;][et_pb_column type=&#8221;4_4&#8243; _builder_version=&#8221;4.27.4&#8243; _module_preset=&#8221;default&#8221; global_colors_info=&#8221;{}&#8221;][et_pb_heading title=&#8221;Turquia&#8221; _builder_version=&#8221;4.27.4&#8243; _module_preset=&#8221;default&#8221; title_level=&#8221;h2&#8243; global_colors_info=&#8221;{}&#8221;][\/et_pb_heading][et_pb_text _builder_version=&#8221;4.27.4&#8243; _module_preset=&#8221;default&#8221; global_colors_info=&#8221;{}&#8221;]A confer\u00eancia foi organizada pelo parceiro turco Innomate. Realizou-se a 16 de setembro de 2025, em Istambul, e contou com a participa\u00e7\u00e3o de 64 pessoas para analisar e avaliar os resultados do projeto:<\/p>\n<p>[\/et_pb_text][et_pb_gallery gallery_ids=&#8221;2143,2150,2157,2164,2171,2178&#8243; posts_number=&#8221;8&#8243; show_title_and_caption=&#8221;off&#8221; show_pagination=&#8221;off&#8221; zoom_icon_color=&#8221;#FFFFFF&#8221; hover_overlay_color=&#8221;RGBA(255,255,255,0)&#8221; hover_icon=&#8221;&#xf00e;||fa||900&#8243; _builder_version=&#8221;4.27.4&#8243; _module_preset=&#8221;default&#8221; border_radii_image=&#8221;on|15px|15px|15px|15px&#8221; global_colors_info=&#8221;{}&#8221;][\/et_pb_gallery][\/et_pb_column][\/et_pb_row][\/et_pb_section][et_pb_section fb_built=&#8221;1&#8243; admin_label=&#8221;Social&#8221; _builder_version=&#8221;4.19.5&#8243; _module_preset=&#8221;default&#8221; background_color=&#8221;#f4f4f4&#8243; background_enable_image=&#8221;off&#8221; locked=&#8221;off&#8221; global_colors_info=&#8221;%91%93&#8243;][et_pb_row admin_label=&#8221;Row&#8221; _builder_version=&#8221;4.19.5&#8243; _module_preset=&#8221;default&#8221; global_colors_info=&#8221;{}&#8221;][et_pb_column type=&#8221;4_4&#8243; _builder_version=&#8221;4.19.5&#8243; _module_preset=&#8221;default&#8221; global_colors_info=&#8221;{}&#8221;][et_pb_blurb title=&#8221;Aicy&#8221; url_new_window=&#8221;on&#8221; use_icon=&#8221;on&#8221; font_icon=&#8221;&#xf08c;||fa||400&#8243; icon_color=&#8221;#0a66c2&#8243; icon_placement=&#8221;left&#8221; image_icon_width=&#8221;45px&#8221; content_max_width=&#8221;100%&#8221; admin_label=&#8221;Linkedin&#8221; _builder_version=&#8221;4.24.3&#8243; _module_preset=&#8221;default&#8221; header_level=&#8221;h3&#8243; header_font=&#8221;EB Garamond|700|||||||&#8221; header_text_align=&#8221;left&#8221; header_line_height=&#8221;2em&#8221; link_option_url=&#8221;https:\/\/www.linkedin.com\/company\/aicy-ai-cybersecurity-training\/about\/&#8221; link_option_url_new_window=&#8221;on&#8221; global_colors_info=&#8221;{}&#8221; header_text_color__hover_enabled=&#8221;on|hover&#8221; header_text_color__hover=&#8221;#1d9271&#8243;][\/et_pb_blurb][\/et_pb_column][\/et_pb_row][\/et_pb_section][et_pb_section fb_built=&#8221;1&#8243; _builder_version=&#8221;4.22.1&#8243; background_color=&#8221;#212121&#8243; custom_padding=&#8221;0px||2px|||&#8221; global_module=&#8221;194&#8243; locked=&#8221;off&#8221; global_colors_info=&#8221;%91%93&#8243;][et_pb_row column_structure=&#8221;1_2,1_2&#8243; admin_label=&#8221;Row&#8221; _builder_version=&#8221;4.27.4&#8243; background_size=&#8221;initial&#8221; background_position=&#8221;top_left&#8221; background_repeat=&#8221;repeat&#8221; global_colors_info=&#8221;{}&#8221; locked=&#8221;off&#8221;][et_pb_column type=&#8221;1_2&#8243; _builder_version=&#8221;4.19.5&#8243; _module_preset=&#8221;default&#8221; global_colors_info=&#8221;{}&#8221;][et_pb_image src=&#8221;https:\/\/aicy.eu\/wp-content\/uploads\/2024\/03\/EN-Co-Funded-by-the-EU_NEG.png&#8221; title_text=&#8221;EN Co-Funded by the EU_NEG&#8221; _builder_version=&#8221;4.22.1&#8243; _module_preset=&#8221;default&#8221; max_width=&#8221;600px&#8221; global_colors_info=&#8221;{}&#8221;][\/et_pb_image][\/et_pb_column][et_pb_column type=&#8221;1_2&#8243; _builder_version=&#8221;4.27.4&#8243; _module_preset=&#8221;default&#8221; global_colors_info=&#8221;{}&#8221;][et_pb_image src=&#8221;https:\/\/aicy.eu\/wp-content\/uploads\/2025\/10\/SEPIE_erasmus_plus.gif&#8221; title_text=&#8221;SEPIE_erasmus_plus&#8221; align=&#8221;right&#8221; _builder_version=&#8221;4.27.4&#8243; _module_preset=&#8221;default&#8221; width=&#8221;270px&#8221; global_colors_info=&#8221;{}&#8221;][\/et_pb_image][\/et_pb_column][\/et_pb_row][et_pb_row admin_label=&#8221;Row&#8221; _builder_version=&#8221;4.22.1&#8243; background_size=&#8221;initial&#8221; background_position=&#8221;top_left&#8221; background_repeat=&#8221;repeat&#8221; global_colors_info=&#8221;{}&#8221;][et_pb_column type=&#8221;4_4&#8243; _builder_version=&#8221;4.19.5&#8243; _module_preset=&#8221;default&#8221; global_colors_info=&#8221;{}&#8221;][et_pb_text _builder_version=&#8221;4.24.3&#8243; _module_preset=&#8221;default&#8221; text_text_color=&#8221;#f4f4f4&#8243; global_colors_info=&#8221;{}&#8221;]<\/p>\n<p>The project \u201cAI-based Cybersecurity Training with Gamification Techniques\u201d (AICY) is co-funded by the Erasmus+ programme of the European Union (Ref. 2023-1-ES01-KA220-VET-000153926). The content of this website is the sole responsibility of the AICY Partnership and neither the European Commission nor the Spanish Service for the Internationalisation of Education (SEPIE) are responsible for any use that may be made of the information contained therein.<\/p>\n<p>[\/et_pb_text][et_pb_image src=&#8221;https:\/\/aicy.eu\/wp-content\/uploads\/2026\/03\/logo-cc.png&#8221; title_text=&#8221;logo cc&#8221; url=&#8221;https:\/\/creativecommons.org\/licenses\/by-nc\/4.0\/&#8221; align=&#8221;center&#8221; _builder_version=&#8221;4.27.4&#8243; _module_preset=&#8221;default&#8221; global_colors_info=&#8221;{}&#8221; locked=&#8221;off&#8221;][\/et_pb_image][\/et_pb_column][\/et_pb_row][\/et_pb_section]<\/p>\n","protected":false},"excerpt":{"rendered":"<p>Confer\u00eanciasA confer\u00eancia foi organizada pelo parceiro italiano Udanet. Realizou-se a 29 de maio de 2025 em Pescara Infobasic Srl e contou com a participa\u00e7\u00e3o de 25 pessoas para analisar e avaliar os resultados do projeto:A confer\u00eancia foi organizada pelo parceiro espanhol Gestionet. Realizou-se a 9 de junho de 2025 em Beaz-Bilbao e contou com a [&hellip;]<\/p>\n","protected":false},"author":1,"featured_media":0,"parent":0,"menu_order":0,"comment_status":"closed","ping_status":"closed","template":"","meta":{"_et_pb_use_builder":"on","_et_pb_old_content":"","_et_gb_content_width":"","footnotes":""},"class_list":["post-2185","page","type-page","status-publish","hentry"],"yoast_head":"<!-- This site is optimized with the Yoast SEO plugin v27.1.1 - https:\/\/yoast.com\/product\/yoast-seo-wordpress\/ -->\n<title>Confer\u00eancias - Aicy<\/title>\n<meta name=\"robots\" content=\"index, follow, max-snippet:-1, max-image-preview:large, max-video-preview:-1\" \/>\n<link rel=\"canonical\" href=\"https:\/\/aicy.eu\/pt-pt\/conferences\/\" \/>\n<meta property=\"og:locale\" content=\"pt_PT\" \/>\n<meta property=\"og:type\" content=\"article\" \/>\n<meta property=\"og:title\" content=\"Confer\u00eancias - Aicy\" \/>\n<meta property=\"og:description\" content=\"Confer\u00eanciasA confer\u00eancia foi organizada pelo parceiro italiano Udanet. Realizou-se a 29 de maio de 2025 em Pescara Infobasic Srl e contou com a participa\u00e7\u00e3o de 25 pessoas para analisar e avaliar os resultados do projeto:A confer\u00eancia foi organizada pelo parceiro espanhol Gestionet. Realizou-se a 9 de junho de 2025 em Beaz-Bilbao e contou com a [&hellip;]\" \/>\n<meta property=\"og:url\" content=\"https:\/\/aicy.eu\/pt-pt\/conferences\/\" \/>\n<meta property=\"og:site_name\" content=\"Aicy\" \/>\n<meta property=\"article:modified_time\" content=\"2026-03-03T22:10:08+00:00\" \/>\n<meta name=\"twitter:card\" content=\"summary_large_image\" \/>\n<meta name=\"twitter:label1\" content=\"Tempo estimado de leitura\" \/>\n\t<meta name=\"twitter:data1\" content=\"8 minutos\" \/>\n<script type=\"application\/ld+json\" class=\"yoast-schema-graph\">{\"@context\":\"https:\/\/schema.org\",\"@graph\":[{\"@type\":\"WebPage\",\"@id\":\"https:\/\/aicy.eu\/pt-pt\/conferences\/\",\"url\":\"https:\/\/aicy.eu\/pt-pt\/conferences\/\",\"name\":\"Confer\u00eancias - Aicy\",\"isPartOf\":{\"@id\":\"https:\/\/aicy.eu\/#website\"},\"datePublished\":\"2025-08-21T15:04:53+00:00\",\"dateModified\":\"2026-03-03T22:10:08+00:00\",\"breadcrumb\":{\"@id\":\"https:\/\/aicy.eu\/pt-pt\/conferences\/#breadcrumb\"},\"inLanguage\":\"pt-PT\",\"potentialAction\":[{\"@type\":\"ReadAction\",\"target\":[\"https:\/\/aicy.eu\/pt-pt\/conferences\/\"]}]},{\"@type\":\"BreadcrumbList\",\"@id\":\"https:\/\/aicy.eu\/pt-pt\/conferences\/#breadcrumb\",\"itemListElement\":[{\"@type\":\"ListItem\",\"position\":1,\"name\":\"Home\",\"item\":\"https:\/\/aicy.eu\/pt-pt\/o-projeto\/\"},{\"@type\":\"ListItem\",\"position\":2,\"name\":\"Confer\u00eancias\"}]},{\"@type\":\"WebSite\",\"@id\":\"https:\/\/aicy.eu\/#website\",\"url\":\"https:\/\/aicy.eu\/\",\"name\":\"Aicy\",\"description\":\"\",\"publisher\":{\"@id\":\"https:\/\/aicy.eu\/#organization\"},\"potentialAction\":[{\"@type\":\"SearchAction\",\"target\":{\"@type\":\"EntryPoint\",\"urlTemplate\":\"https:\/\/aicy.eu\/?s={search_term_string}\"},\"query-input\":{\"@type\":\"PropertyValueSpecification\",\"valueRequired\":true,\"valueName\":\"search_term_string\"}}],\"inLanguage\":\"pt-PT\"},{\"@type\":\"Organization\",\"@id\":\"https:\/\/aicy.eu\/#organization\",\"name\":\"Aicy\",\"url\":\"https:\/\/aicy.eu\/\",\"logo\":{\"@type\":\"ImageObject\",\"inLanguage\":\"pt-PT\",\"@id\":\"https:\/\/aicy.eu\/#\/schema\/logo\/image\/\",\"url\":\"https:\/\/aicy.eu\/wp-content\/uploads\/2024\/03\/AICY-Normal-logo.png\",\"contentUrl\":\"https:\/\/aicy.eu\/wp-content\/uploads\/2024\/03\/AICY-Normal-logo.png\",\"width\":493,\"height\":278,\"caption\":\"Aicy\"},\"image\":{\"@id\":\"https:\/\/aicy.eu\/#\/schema\/logo\/image\/\"}}]}<\/script>\n<!-- \/ Yoast SEO plugin. -->","yoast_head_json":{"title":"Confer\u00eancias - Aicy","robots":{"index":"index","follow":"follow","max-snippet":"max-snippet:-1","max-image-preview":"max-image-preview:large","max-video-preview":"max-video-preview:-1"},"canonical":"https:\/\/aicy.eu\/pt-pt\/conferences\/","og_locale":"pt_PT","og_type":"article","og_title":"Confer\u00eancias - Aicy","og_description":"Confer\u00eanciasA confer\u00eancia foi organizada pelo parceiro italiano Udanet. Realizou-se a 29 de maio de 2025 em Pescara Infobasic Srl e contou com a participa\u00e7\u00e3o de 25 pessoas para analisar e avaliar os resultados do projeto:A confer\u00eancia foi organizada pelo parceiro espanhol Gestionet. Realizou-se a 9 de junho de 2025 em Beaz-Bilbao e contou com a [&hellip;]","og_url":"https:\/\/aicy.eu\/pt-pt\/conferences\/","og_site_name":"Aicy","article_modified_time":"2026-03-03T22:10:08+00:00","twitter_card":"summary_large_image","twitter_misc":{"Tempo estimado de leitura":"8 minutos"},"schema":{"@context":"https:\/\/schema.org","@graph":[{"@type":"WebPage","@id":"https:\/\/aicy.eu\/pt-pt\/conferences\/","url":"https:\/\/aicy.eu\/pt-pt\/conferences\/","name":"Confer\u00eancias - Aicy","isPartOf":{"@id":"https:\/\/aicy.eu\/#website"},"datePublished":"2025-08-21T15:04:53+00:00","dateModified":"2026-03-03T22:10:08+00:00","breadcrumb":{"@id":"https:\/\/aicy.eu\/pt-pt\/conferences\/#breadcrumb"},"inLanguage":"pt-PT","potentialAction":[{"@type":"ReadAction","target":["https:\/\/aicy.eu\/pt-pt\/conferences\/"]}]},{"@type":"BreadcrumbList","@id":"https:\/\/aicy.eu\/pt-pt\/conferences\/#breadcrumb","itemListElement":[{"@type":"ListItem","position":1,"name":"Home","item":"https:\/\/aicy.eu\/pt-pt\/o-projeto\/"},{"@type":"ListItem","position":2,"name":"Confer\u00eancias"}]},{"@type":"WebSite","@id":"https:\/\/aicy.eu\/#website","url":"https:\/\/aicy.eu\/","name":"Aicy","description":"","publisher":{"@id":"https:\/\/aicy.eu\/#organization"},"potentialAction":[{"@type":"SearchAction","target":{"@type":"EntryPoint","urlTemplate":"https:\/\/aicy.eu\/?s={search_term_string}"},"query-input":{"@type":"PropertyValueSpecification","valueRequired":true,"valueName":"search_term_string"}}],"inLanguage":"pt-PT"},{"@type":"Organization","@id":"https:\/\/aicy.eu\/#organization","name":"Aicy","url":"https:\/\/aicy.eu\/","logo":{"@type":"ImageObject","inLanguage":"pt-PT","@id":"https:\/\/aicy.eu\/#\/schema\/logo\/image\/","url":"https:\/\/aicy.eu\/wp-content\/uploads\/2024\/03\/AICY-Normal-logo.png","contentUrl":"https:\/\/aicy.eu\/wp-content\/uploads\/2024\/03\/AICY-Normal-logo.png","width":493,"height":278,"caption":"Aicy"},"image":{"@id":"https:\/\/aicy.eu\/#\/schema\/logo\/image\/"}}]}},"_links":{"self":[{"href":"https:\/\/aicy.eu\/pt-pt\/wp-json\/wp\/v2\/pages\/2185","targetHints":{"allow":["GET"]}}],"collection":[{"href":"https:\/\/aicy.eu\/pt-pt\/wp-json\/wp\/v2\/pages"}],"about":[{"href":"https:\/\/aicy.eu\/pt-pt\/wp-json\/wp\/v2\/types\/page"}],"author":[{"embeddable":true,"href":"https:\/\/aicy.eu\/pt-pt\/wp-json\/wp\/v2\/users\/1"}],"replies":[{"embeddable":true,"href":"https:\/\/aicy.eu\/pt-pt\/wp-json\/wp\/v2\/comments?post=2185"}],"version-history":[{"count":4,"href":"https:\/\/aicy.eu\/pt-pt\/wp-json\/wp\/v2\/pages\/2185\/revisions"}],"predecessor-version":[{"id":2509,"href":"https:\/\/aicy.eu\/pt-pt\/wp-json\/wp\/v2\/pages\/2185\/revisions\/2509"}],"wp:attachment":[{"href":"https:\/\/aicy.eu\/pt-pt\/wp-json\/wp\/v2\/media?parent=2185"}],"curies":[{"name":"wp","href":"https:\/\/api.w.org\/{rel}","templated":true}]}}